{"id":382,"date":"2020-03-18T23:13:33","date_gmt":"2020-03-18T22:13:33","guid":{"rendered":"http:\/\/mathquiz.fr\/?page_id=382"},"modified":"2021-04-09T15:54:50","modified_gmt":"2021-04-09T13:54:50","slug":"snt-travail-a-domicile","status":"publish","type":"page","link":"https:\/\/mathquiz.fr\/?page_id=382","title":{"rendered":"SNT Travail \u00e0 domicile (2019-2020)"},"content":{"rendered":"\n<p class=\"has-very-dark-gray-color has-pale-cyan-blue-background-color has-text-color has-background\" style=\"font-size:23px\"><strong>Sur la p\u00e9riode du mercredi 18 mars au mercredi 1er avril<\/strong><\/p>\n\n\n<p><!--EndFragment-->Poursuivre le travail sur la pr\u00e9paration \u00e0 l&rsquo;oral sur le projet du&nbsp; chapitre informatique embarqu\u00e9e.<\/p>\n<p>Terminer vos diaporamas et programmes pour le 1er avril. Les oraux se tiendront \u00e0 la r\u00e9ouverture de l&rsquo;\u00e9tablissement.<\/p>\n<p>Pour ceux qui s&rsquo;ennuient, vous pouvez toujours vous entrainez \u00e0 passer la certification PIX (j&rsquo;en ai parl\u00e9 en d\u00e9but d&rsquo;ann\u00e9e) : <a href=\"https:\/\/pix.fr\/\">https:\/\/pix.fr\/<\/a><\/p>\n<p>Pour ceux qui n&rsquo;ont pas mis les documents sur leurs drive :<\/p>\n\n\n<div class=\"wp-block-file\"><a href=\"http:\/\/mathquiz.fr\/wp-content\/uploads\/2020\/03\/Projets.pdf\">Documents : Projets<\/a><a href=\"http:\/\/mathquiz.fr\/wp-content\/uploads\/2020\/03\/Projets.pdf\" class=\"wp-block-file__button\" download>T\u00e9l\u00e9charger<\/a><\/div>\n\n\n\n<p>\u00c9diteur de code : <a href=\"https:\/\/makecode.microbit.org\/#editor\">https:\/\/makecode.microbit.org\/#editor<\/a><\/p>\n\n\n\n<p>Fonctionnalit\u00e9s de la carte : <a href=\"https:\/\/archive.microbit.org\/fr\/guide\/features\/\">https:\/\/archive.microbit.org\/fr\/guide\/features\/<\/a><\/p>\n\n\n\n<div class=\"wp-block-file\"><a href=\"http:\/\/mathquiz.fr\/wp-content\/uploads\/2020\/03\/documentation.pdf\">Documentation :<\/a><a href=\"http:\/\/mathquiz.fr\/wp-content\/uploads\/2020\/03\/documentation.pdf\" class=\"wp-block-file__button\" download>T\u00e9l\u00e9charger<\/a><\/div>\n\n\n\n<div class=\"wp-block-file\"><a href=\"http:\/\/mathquiz.fr\/wp-content\/uploads\/2020\/03\/fiche-evaluation.pdf\">fiche \u00e9valuation<\/a><a href=\"http:\/\/mathquiz.fr\/wp-content\/uploads\/2020\/03\/fiche-evaluation.pdf\" class=\"wp-block-file__button\" download>T\u00e9l\u00e9charger<\/a><\/div>\n\n\n\n<p>Plan du diaporama :<\/p>\n\n\n\n<ul><li>Diapo 1 : Pr\u00e9sentation.<\/li><li>Diapo 2 :&nbsp; Mat\u00e9riels, pr\u00e9sentation de la carte et de ses diff\u00e9rents capteurs (\u00e0 citer).<\/li><li>Diapo 3 : Explication du capteur utilis\u00e9e (de mani\u00e8re vulgaris\u00e9e).<\/li><li>Diapo 4 : Protocole de fonctionnement (expliquer comment fonctionne le projet (une sorte de notice d&rsquo;utilisation)).<\/li><li>Diapo 5 : D\u00e9roulement du programme. <\/li><\/ul>\n\n\n\n<p class=\"has-very-dark-gray-color has-pale-cyan-blue-background-color has-text-color has-background\" style=\"font-size:23px\"><strong>Sur la semaine du lundi 30 mars au vendredi 3 avril<\/strong><\/p>\n\n\n<p><!--EndFragment-->Travail sur la photographie num\u00e9rique partie 1\/3 :<\/p>\n\n\n<p style=\"font-size:17px\">Faire l&rsquo;activit\u00e9 disponible par le lien hypertexte suivant : <a rel=\"noreferrer noopener\" aria-label=\" (s\u2019ouvre dans un nouvel onglet)\" href=\"https:\/\/lelikes29196-my.sharepoint.com\/:w:\/g\/personal\/p-lefaou_likes_org\/EdaGMDiwIzFEqTZCoDtn2eUBtTWVi7El7RLTrvEzsbIh5Q?e=GUyFUA\" target=\"_blank\">Activit\u00e9 1<\/a><\/p>\n\n\n\n<p>Pour les plus curieux, lire la vid\u00e9o ci-dessous.<\/p>\n\n\n\n<iframe src=\"https:\/\/www.youtube.com\/embed\/LHqE0B34fDU\" allow=\"accelerometer; autoplay; encrypted-media; gyroscope; picture-in-picture\" allowfullscreen=\"\" width=\"560\" height=\"315\" frameborder=\"0\"><\/iframe>\n\n\n\n<p>Correction de l&rsquo;activit\u00e9 t\u00e9l\u00e9chargeable en cliquant sur le bouton t\u00e9l\u00e9charger<\/p>\n\n\n\n<div class=\"wp-block-file\"><a href=\"http:\/\/mathquiz.fr\/wp-content\/uploads\/2020\/04\/correction-activit\u00e9-1.pdf\">Correction activit\u00e9 1 &#8212;-&gt;<\/a><a href=\"http:\/\/mathquiz.fr\/wp-content\/uploads\/2020\/04\/correction-activit\u00e9-1.pdf\" class=\"wp-block-file__button\" download>T\u00e9l\u00e9charger<\/a><\/div>\n\n\n\n<p class=\"has-very-dark-gray-color has-pale-cyan-blue-background-color has-text-color has-background\" style=\"font-size:23px\"><strong>Sur la semaine du lundi 6 avril au vendredi 10 avril<\/strong><\/p>\n\n\n<p><!--EndFragment-->Travail sur la photographie num\u00e9rique partie 2\/3 :<\/p>\n<p>Faire l&rsquo;activit\u00e9 disponible par le lien hypertexte suivant : <a href=\"https:\/\/lelikes29196-my.sharepoint.com\/:w:\/g\/personal\/p-lefaou_likes_org\/EYIXKy5yfhFEnTIZlS6lNrkB6hNisFMXt3gATUL1jeeEQA?e=CLCv9m\">Activit\u00e9<\/a><em><br><\/em><\/p>\n<p>Les ressources sont disponibles par le lien hypertexte suivant : <a href=\"https:\/\/lelikes29196-my.sharepoint.com\/:f:\/g\/personal\/p-lefaou_likes_org\/EqenNNKWdLZEvh_GskKUkOEB-spSfilVn25d04KjYBCkCA?e=mJFgg3\">Ressources<\/a><\/p>\n<p>Correction de l&rsquo;activit\u00e9 disponible le vendredi 10 avril.<\/p>\n<p>Synth\u00e8se en vid\u00e9o :<\/p>\n<p><!--EndFragment--><\/p>\n<p><!--EndFragment--><\/p>\n\n\n<figure><iframe src=\"https:\/\/www.youtube.com\/embed\/UnNPNc-F9ks\" allowfullscreen=\"\" width=\"560\" height=\"315\"><\/iframe><\/figure>\n\n\n\n<hr class=\"wp-block-separator\"\/>\n\n\n\n<p class=\"has-text-align-center has-very-light-gray-color has-vivid-red-background-color has-text-color has-background\" style=\"font-size:40px\"><strong>VACANCES<\/strong> !!!!<\/p>\n\n\n\n<center><iframe src=\"https:\/\/giphy.com\/embed\/LZElUsjl1Bu6c\" width=\"480\" height=\"480\" frameBorder=\"0\" class=\"giphy-embed\" allowFullScreen><\/iframe><p><a href=\"https:\/\/giphy.com\/gifs\/hello-LZElUsjl1Bu6c\"><\/center>via GIPHY<\/a><\/p>\n\n\n<p><!--StartFragment--><\/p>\n\n\n<p class=\"has-pale-cyan-blue-background-color has-background\" style=\"font-size:27px\"><strong>Sur la semaine du lundi 27 avril au vendredi 1er mai<\/strong><\/p>\n\n\n<p>Travail sur la photographie num\u00e9rique partie 3\/3 :<\/p>\n<p><!--EndFragment-->Faire le A de l&rsquo;activit\u00e9 disponible en cliquant sur le lien hypertexte suivant : <!--EndFragment--><!--EndFragment--><!--EndFragment--><\/p>\n<p><a href=\"https:\/\/lelikes29196-my.sharepoint.com\/:w:\/g\/personal\/p-lefaou_likes_org\/ESOKFAhe5ApKi_7ptQhv4mcBKSlgBaoeqk4r3p6A3setBw?e=uYkRKo\">Activit\u00e9<\/a><\/p>\n<p>Lire la vid\u00e9o ci-dessous<\/p>\n<p><!--EndFragment--><\/p>\n\n\n<figure><iframe src=\"https:\/\/www.youtube.com\/embed\/oOr9LxJqxcI\" allowfullscreen=\"\" width=\"560\" height=\"315\"><\/iframe><\/figure>\n\n\n\n<p>T\u00e9l\u00e9charger le logiciel The Gimp : <a href=\"https:\/\/www.gimp.org\/downloads\/\">https:\/\/www.gimp.org\/downloads\/<\/a>si possible. <\/p>\n\n\n\n<p>Facultatif : Faire un photomontage (th\u00e8me libre). Veuillez \u00e0 ce que la production reste dans le politiquement correct sous peine de sanction. Un petit concours sera organis\u00e9. <\/p>\n\n\n\n<p class=\"has-pale-cyan-blue-background-color has-background\" style=\"font-size:27px\"><strong>Sur la semaine du lundi 4 mai au vendredi 8 mai<\/strong><\/p>\n\n\n<p>Travail sur les r\u00e9seaux sociaux partie 1\/4 :<\/p>\n<p>Faire les activit\u00e9s 1 et 2. Correction et cours disponible le vendredi 8 mai.<\/p>\n<p><a href=\"https:\/\/lelikes29196-my.sharepoint.com\/:b:\/g\/personal\/p-lefaou_likes_org\/EbydTxxMiuJCgEbSohrfYhMBb26eZr47ZXcct1WPkbSkTA?e=JklAin\">Activit\u00e9 1<\/a><\/p>\n<p><a href=\"https:\/\/lelikes29196-my.sharepoint.com\/:b:\/g\/personal\/p-lefaou_likes_org\/Ecm8SGayRBFFp7e81EGpXy8Bvi88K0xU0uT4u6TuzqvMSg?e=azD53V\">Activit\u00e9 2<\/a><\/p>\n<p><a href=\"https:\/\/lelikes29196-my.sharepoint.com\/:w:\/g\/personal\/p-lefaou_likes_org\/EUkK9JMHYbxCjrhpFUacL1sBOO-LfwN9WFAesuc0vtXo9Q?e=gcHRLl\">Correction des activit\u00e9s et cours<\/a><\/p>\n<p><!--EndFragment--><\/p>\n\n\n<p class=\"has-pale-cyan-blue-background-color has-background\" style=\"font-size:27px\"><strong>Sur la semaine du lundi 11 mai au vendredi 15 mai<\/strong><\/p>\n\n\n<p>Travail sur les r\u00e9seaux sociaux partie 2\/4 :<\/p>\n<p>Lire la vid\u00e9o sur le petit monde de Milgram :<\/p>\n<p><!--EndFragment--><\/p>\n\n\n<iframe src=\"https:\/\/www.youtube.com\/embed\/nn1mIqW9oYQ\" allow=\"accelerometer; autoplay; encrypted-media; gyroscope; picture-in-picture\" allowfullscreen=\"\" width=\"560\" height=\"315\" frameborder=\"0\"><\/iframe>\n\n\n\n<p>Petit bonus : Pourquoi vos amis ont plus d&rsquo;amis que vous sur les r\u00e9seaux ? Explication avec les graphes.<\/p>\n\n\n\n<iframe src=\"https:\/\/www.youtube.com\/embed\/MySkCFFgiRQ\" allow=\"accelerometer; autoplay; encrypted-media; gyroscope; picture-in-picture\" allowfullscreen=\"\" width=\"560\" height=\"315\" frameborder=\"0\"><\/iframe>\n\n\n\n<p>Faire l&rsquo;activit\u00e9 3. Correction et cours mis en ligne le vendredi 15 mai.<\/p>\n\n\n\n<p><a href=\"https:\/\/lelikes29196-my.sharepoint.com\/:b:\/g\/personal\/p-lefaou_likes_org\/EQLzgOzO_dFEqUSbFfJbnkIB5D-NLWUo5r6uGlrbPr3PIQ?e=Qu6CWx\">Activit\u00e9 3<\/a><\/p>\n\n\n\n<p><a href=\"https:\/\/lelikes29196-my.sharepoint.com\/:w:\/g\/personal\/p-lefaou_likes_org\/ESAWCnTre7FCmHEdNwSZhU8Bo42HeSDQHi_Qp0era7_A5w?e=HbF22h\">Correction de l&rsquo;activit\u00e9 3 + cours<\/a><\/p>\n\n\n\n<p class=\"has-pale-cyan-blue-background-color has-background\" style=\"font-size:27px\"><strong>Sur la semaine du lundi 18 mai au vendredi 22 mai<\/strong><\/p>\n\n\n<p>Travail sur les r\u00e9seaux sociaux partie 3\/4 : Financement.<!--EndFragment--><\/p>\n<p>Faire l&rsquo;activit\u00e9 4. Correction et cours mis en ligne le vendredi 22 mai.<\/p>\n<p><a href=\"https:\/\/lelikes29196-my.sharepoint.com\/:b:\/g\/personal\/p-lefaou_likes_org\/EevSeTubJxRMohp0zWAsy9cBjsdiu_KQSq0OAB6u68M4Gg?e=0bLeLD\">Activit\u00e9 4<\/a><\/p>\n<p><a href=\"https:\/\/lelikes29196-my.sharepoint.com\/:w:\/g\/personal\/p-lefaou_likes_org\/EZyir1pd1WlGqqCRDbc-2lEBN09nQgtbaRPYQwOiG5hyIg?e=2tWsG6\">Correction activit\u00e9 4<\/a><\/p>\n<p><!--EndFragment--><\/p>\n\n\n<p class=\"has-pale-cyan-blue-background-color has-background\" style=\"font-size:27px\"><strong>Sur la semaine du lundi 25 mai au vendredi 29 mai<\/strong><\/p>\n\n\n<p>Travail sur les r\u00e9seaux sociaux partie 4\/4 :<\/p>\n<p><a href=\"https:\/\/lelikes29196-my.sharepoint.com\/:b:\/g\/personal\/p-lefaou_likes_org\/EZ0YKyjXPIxHnh8gpHIlmRYBRIO99l9xgL_Od9cGJ9BaKA?e=i5mYIY\">Faire l&rsquo;activit\u00e9 5<\/a><\/p>\n<p><a href=\"https:\/\/lelikes29196-my.sharepoint.com\/:w:\/g\/personal\/p-lefaou_likes_org\/ESGf6SV9TY1OlNtn-OSNeG4B1ewaokcRrkLjHVTdGRivog?e=tbOlEr\">Correction activit\u00e9 5<\/a><\/p>\n\n\n<p class=\"has-pale-cyan-blue-background-color has-background\" style=\"font-size:27px\"><strong>Sur la semaine du lundi 1er juin au vendredi 5 juin<\/strong><\/p>\n\n\n<p>QCM : Connaissances &#8211; informatique embarqu\u00e9e, photographie, r\u00e9seaux sociaux.<!--EndFragment--><\/p>\n\n\n<p class=\"has-pale-cyan-blue-background-color has-background\" style=\"font-size:27px\"><strong>Sur la semaine du lundi 8 juin au vendredi 19 juin<\/strong><\/p>\n\n\n\n<p>Activit\u00e9 sur l&rsquo;application stop-covid : <a href=\"https:\/\/lelikes29196-my.sharepoint.com\/:w:\/g\/personal\/p-lefaou_likes_org\/EeJXX-NwE1RIq2SKqGz9uh4BY8_thiX1lwxlRelbfPpxHQ?e=dMFtQo\">acc\u00e9der \u00e0 l&rsquo;activit\u00e9.<\/a><\/p>\n\n\n\n<hr class=\"wp-block-separator\"\/>\n\n\n\n<p>testo testo<\/p>\n\n\n\n<p class=\"has-text-align-center has-very-light-gray-color has-vivid-red-background-color has-text-color has-background\" style=\"font-size:40px\"><strong>VACANCES<\/strong> !!!!<\/p>\n\n\n\n<center><iframe src=\"https:\/\/giphy.com\/embed\/LZElUsjl1Bu6c\" width=\"480\" height=\"480\" frameBorder=\"0\" class=\"giphy-embed\" allowFullScreen><\/iframe><p><a href=\"https:\/\/giphy.com\/gifs\/hello-LZElUsjl1Bu6c\"><\/center>via GIPHY<\/a><\/p>\n","protected":false},"excerpt":{"rendered":"<p>Sur la p\u00e9riode du mercredi 18 mars au mercredi 1er avril Poursuivre le travail sur la pr\u00e9paration \u00e0 l&rsquo;oral sur le projet du&nbsp; chapitre informatique embarqu\u00e9e. Terminer vos diaporamas et programmes pour le 1er avril.[&#8230;]<\/p>\n","protected":false},"author":1,"featured_media":0,"parent":899,"menu_order":0,"comment_status":"closed","ping_status":"closed","template":"","meta":[],"_links":{"self":[{"href":"https:\/\/mathquiz.fr\/index.php?rest_route=\/wp\/v2\/pages\/382"}],"collection":[{"href":"https:\/\/mathquiz.fr\/index.php?rest_route=\/wp\/v2\/pages"}],"about":[{"href":"https:\/\/mathquiz.fr\/index.php?rest_route=\/wp\/v2\/types\/page"}],"author":[{"embeddable":true,"href":"https:\/\/mathquiz.fr\/index.php?rest_route=\/wp\/v2\/users\/1"}],"replies":[{"embeddable":true,"href":"https:\/\/mathquiz.fr\/index.php?rest_route=%2Fwp%2Fv2%2Fcomments&post=382"}],"version-history":[{"count":44,"href":"https:\/\/mathquiz.fr\/index.php?rest_route=\/wp\/v2\/pages\/382\/revisions"}],"predecessor-version":[{"id":1172,"href":"https:\/\/mathquiz.fr\/index.php?rest_route=\/wp\/v2\/pages\/382\/revisions\/1172"}],"up":[{"embeddable":true,"href":"https:\/\/mathquiz.fr\/index.php?rest_route=\/wp\/v2\/pages\/899"}],"wp:attachment":[{"href":"https:\/\/mathquiz.fr\/index.php?rest_route=%2Fwp%2Fv2%2Fmedia&parent=382"}],"curies":[{"name":"wp","href":"https:\/\/api.w.org\/{rel}","templated":true}]}}